{"id":14,"date":"2023-09-01T05:47:00","date_gmt":"2023-09-01T05:47:00","guid":{"rendered":"https:\/\/cardedeu.reconnectat.cat\/?page_id=14"},"modified":"2026-02-19T16:02:06","modified_gmt":"2026-02-19T16:02:06","slug":"la-plataforma","status":"publish","type":"page","link":"https:\/\/cardedeu.reconnectat.cat\/index.php\/la-plataforma\/","title":{"rendered":"La Plataforma"},"content":{"rendered":"\r\n<p>Fam\u00edlies de Cardedeu ens organitzem per promoure l\u2019\u00fas conscient de dispositius digitals dels infants i joves.\u00a0<\/p>\r\n\r\n\r\n\r\n<h3 class=\"wp-block-heading\">En reacci\u00f3 a la pressi\u00f3 social de donar acc\u00e9s al primer m\u00f2bil en entrar a l\u2019ESO, aquest \u00e9s un col\u00b7lectiu de suport per a l\u2019\u00fas responsable\/saludable de dispositius m\u00f2bils i pantalles.<\/h3>\r\n\r\n\r\n\r\n<div class=\"wp-block-group\"><div class=\"wp-block-group__inner-container is-layout-constrained wp-block-group-is-layout-constrained\">\r\n<p>A la primera trobada del passat 19 de juny de 2023, es va posar en com\u00fa la preocupaci\u00f3 sobre la pressi\u00f3 social per donar el primer dispositiu m\u00f2bil als 12 anys.<\/p>\r\n\r\n\r\n\r\n<p>Tot i que les darreres evid\u00e8ncies cient\u00edfiques aconsellen que aquest primer acc\u00e9s sigui a partir dels 15-16 anys, a Cardedeu m\u00e9s del 80% dels infants tenen el seu primer dispositiu m\u00f2bil entre els 11 i 12 anys.<\/p>\r\n\r\n\r\n\r\n<p>Davant les retic\u00e8ncies a aquesta pr\u00e0ctica i assumint que la pressi\u00f3 del grup \u00e9s tan elevada en aquestes edats, vam concloure que si ens volem mantenir ferms en la idea de no donar &#8211; encara &#8211; un smartphone als nostres fills i filles, era clau assegurar-se que un m\u00ednim de fam\u00edlies del nostre entorn tampoc ho fes.<\/p>\r\n\r\n\r\n\r\n<p>Des de la primera trobada el grup ha anat creixent. S\u2019hi han interessat altres fam\u00edlies amb inquietuds similars, amb infants provinents d\u2019altres escoles i que tamb\u00e9 accediran a altres instituts, d\u2019altres edats, i fins i tot d\u2019altres municipis.<\/p>\r\n\r\n\r\n\r\n<p>Algunes fam\u00edlies amb estudiants ja a l\u2019ESO, que consideren que s\u2019han precipitat en lliurar el primer dispositiu m\u00f2bil al seu fill o filla gran, han manifestat tamb\u00e9 la seva preocupaci\u00f3 sobre com gestionar la relaci\u00f3 amb els m\u00f2bils de manera diferent.<\/p>\r\n\r\n\r\n\r\n<blockquote class=\"wp-block-quote is-layout-flow wp-block-quote-is-layout-flow\">\r\n<p>Despr\u00e9s de posar en com\u00fa totes les preocupacions hem decidit passar a l\u2019acci\u00f3 promovent el <strong>PACTE MUNICIPAL DE CONVIV\u00c8NCIA DIGITAL.<\/strong><\/p>\r\n<\/blockquote>\r\n\r\n\r\n\r\n<p>Un comprom\u00eds de poble que inclogui fam\u00edlies i centres educatius, per tal d\u2019aplicar una pol\u00edtica de conviv\u00e8ncia digital que protegeixi els adolescents dels usos perjudicials dels dispositius m\u00f2bils i pantalles com tauletes, ordinadors o smart-tv.<\/p>\r\n\r\n\r\n\r\n<p>Aquest pacte de conviv\u00e8ncia digital es basa en el consens cient\u00edfic que en cap cas \u00e9s positiu per un infant disposar d\u2019un tel\u00e8fon m\u00f2bil propi abans dels 12 anys, i cerca el suport de les institucions municipals de l\u2019\u00e0mbit de l\u2019educaci\u00f3, la inf\u00e0ncia i la salut, com regidories i centres educatius.<\/p>\r\n\r\n\r\n\r\n<p>Continuem creixent com organitzaci\u00f3, fam\u00edlies amb infants de prim\u00e0ria tamb\u00e9 s\u2019han sumat creant un grup de treball per engegar una campanya de conscienciaci\u00f3 col\u00b7lectiva davant la constataci\u00f3 que hi ha diverses escoles al municipi on els infants de prim\u00e0ria sense m\u00f2bil propi tamb\u00e9 s\u00f3n minoria.<\/p>\r\n<\/div><\/div>\r\n","protected":false},"excerpt":{"rendered":"<p>Fam\u00edlies de Cardedeu ens organitzem per promoure l\u2019\u00fas conscient de dispositius digitals dels infants i joves.\u00a0 En reacci\u00f3 a la pressi\u00f3 social de donar acc\u00e9s al primer m\u00f2bil en entrar a l\u2019ESO, aquest \u00e9s un col\u00b7lectiu de suport per a l\u2019\u00fas responsable\/saludable de dispositius m\u00f2bils i pantalles. A la primera trobada del passat 19 de &#8230; <a title=\"La Plataforma\" class=\"read-more\" href=\"https:\/\/cardedeu.reconnectat.cat\/index.php\/la-plataforma\/\" aria-label=\"M\u00e9s sobre La Plataforma\">Llegiu m\u00e9s<\/a><\/p>\n","protected":false},"author":1,"featured_media":0,"parent":0,"menu_order":0,"comment_status":"closed","ping_status":"closed","template":"","meta":{"footnotes":""},"class_list":["post-14","page","type-page","status-publish"],"_links":{"self":[{"href":"https:\/\/cardedeu.reconnectat.cat\/index.php\/wp-json\/wp\/v2\/pages\/14","targetHints":{"allow":["GET"]}}],"collection":[{"href":"https:\/\/cardedeu.reconnectat.cat\/index.php\/wp-json\/wp\/v2\/pages"}],"about":[{"href":"https:\/\/cardedeu.reconnectat.cat\/index.php\/wp-json\/wp\/v2\/types\/page"}],"author":[{"embeddable":true,"href":"https:\/\/cardedeu.reconnectat.cat\/index.php\/wp-json\/wp\/v2\/users\/1"}],"replies":[{"embeddable":true,"href":"https:\/\/cardedeu.reconnectat.cat\/index.php\/wp-json\/wp\/v2\/comments?post=14"}],"version-history":[{"count":6,"href":"https:\/\/cardedeu.reconnectat.cat\/index.php\/wp-json\/wp\/v2\/pages\/14\/revisions"}],"predecessor-version":[{"id":310,"href":"https:\/\/cardedeu.reconnectat.cat\/index.php\/wp-json\/wp\/v2\/pages\/14\/revisions\/310"}],"wp:attachment":[{"href":"https:\/\/cardedeu.reconnectat.cat\/index.php\/wp-json\/wp\/v2\/media?parent=14"}],"curies":[{"name":"wp","href":"https:\/\/api.w.org\/{rel}","templated":true}]}}